{"id":3483,"date":"2026-03-07T11:42:21","date_gmt":"2026-03-07T10:42:21","guid":{"rendered":"https:\/\/www.incyma.es\/?page_id=3483"},"modified":"2026-03-13T10:28:29","modified_gmt":"2026-03-13T09:28:29","slug":"huella-carbono-empresa","status":"publish","type":"page","link":"https:\/\/www.incyma.es\/pt\/servicos\/sustentabilidade-ambiental\/pegada-carbono-empresa\/","title":{"rendered":"Pegada de carbono para empresas"},"content":{"rendered":"\t\t<div data-elementor-type=\"wp-page\" data-elementor-id=\"3483\" class=\"elementor elementor-3483\" data-elementor-post-type=\"page\">\n\t\t\t\t<div class=\"elementor-element elementor-element-6e7cbfeb e-flex e-con-boxed e-con e-parent\" data-id=\"6e7cbfeb\" data-element_type=\"container\" data-e-type=\"container\" data-settings=\"{&quot;background_background&quot;:&quot;classic&quot;}\">\n\t\t\t\t\t<div class=\"e-con-inner\">\n\t\t<div class=\"elementor-element elementor-element-17022683 e-con-full e-flex e-con e-child\" data-id=\"17022683\" data-element_type=\"container\" data-e-type=\"container\">\n\t\t\t\t<div class=\"elementor-element elementor-element-dbd2b4d elementor-widget elementor-widget-heading\" data-id=\"dbd2b4d\" data-element_type=\"widget\" data-e-type=\"widget\" data-widget_type=\"heading.default\">\n\t\t\t\t\t<h1 class=\"elementor-heading-title elementor-size-default\">Huella de carbono: medir las emisiones de la empresa<\/h1>\t\t\t\t<\/div>\n\t\t\t\t<div class=\"elementor-element elementor-element-5efa1e2b animated-slow elementor-invisible elementor-widget elementor-widget-heading\" data-id=\"5efa1e2b\" data-element_type=\"widget\" data-e-type=\"widget\" data-settings=\"{&quot;_animation&quot;:&quot;fadeIn&quot;}\" data-widget_type=\"heading.default\">\n\t\t\t\t\t<h2 class=\"elementor-heading-title elementor-size-default\">C\u00e1lculo de la huella de carbono de organizaci\u00f3n y apoyo en la gesti\u00f3n, reducci\u00f3n y registro de emisiones.<\/h2>\t\t\t\t<\/div>\n\t\t\t\t<div class=\"elementor-element elementor-element-1cf50e47 elementor-widget elementor-widget-text-editor\" data-id=\"1cf50e47\" data-element_type=\"widget\" data-e-type=\"widget\" data-widget_type=\"text-editor.default\">\n\t\t\t\t\t\t\t\t\t<p><span style=\"font-weight: 400;\">La <\/span><b>huella de carbono de organizaci\u00f3n<\/b><span style=\"font-weight: 400;\"> calcula las emisiones de gases de efecto invernadero generadas por la actividad de una empresa. Este an\u00e1lisis permite conocer el impacto clim\u00e1tico de la organizaci\u00f3n y definir <\/span><b>estrategias de reducci\u00f3n de emisiones<\/b><span style=\"font-weight: 400;\">.<\/span><\/p><p><span style=\"font-weight: 400;\">Cada vez m\u00e1s empresas realizan este c\u00e1lculo para responder a requisitos regulatorios, mejorar su gesti\u00f3n ambiental o reforzar su posicionamiento en sostenibilidad.<\/span><\/p><p><span style=\"font-weight: 400;\">En Incyma ayudamos a las organizaciones a <\/span><b>calcular su huella de carbono, definir planes de reducci\u00f3n y registrar sus emisiones en los registros oficiales<\/b><span style=\"font-weight: 400;\">.<\/span><\/p>\t\t\t\t\t\t\t\t<\/div>\n\t\t\t\t<\/div>\n\t\t<div class=\"elementor-element elementor-element-14938fbf e-con-full e-flex e-con e-child\" data-id=\"14938fbf\" data-element_type=\"container\" data-e-type=\"container\">\n\t\t\t\t<div class=\"elementor-element elementor-element-1b03315e animated-slow elementor-invisible elementor-widget elementor-widget-image\" data-id=\"1b03315e\" data-element_type=\"widget\" data-e-type=\"widget\" data-settings=\"{&quot;_animation&quot;:&quot;fadeIn&quot;}\" data-widget_type=\"image.default\">\n\t\t\t\t\t\t\t\t\t\t\t\t\t\t\t<img fetchpriority=\"high\" fetchpriority=\"high\" decoding=\"async\" width=\"765\" height=\"1024\" src=\"https:\/\/www.incyma.es\/wp-content\/uploads\/2026\/03\/huella-carbono-incyma-e1773392278373-765x1024.jpeg\" class=\"attachment-large size-large wp-image-3756\" alt=\"C\u00e1lculo de huella de carbono de empresa mediante an\u00e1lisis de emisiones.\" \/>\t\t\t\t\t\t\t\t\t\t\t\t\t\t\t<\/div>\n\t\t\t\t<\/div>\n\t\t\t\t\t<\/div>\n\t\t\t\t<\/div>\n\t\t<div class=\"elementor-element elementor-element-5f8903e1 e-flex e-con-boxed e-con e-parent\" data-id=\"5f8903e1\" data-element_type=\"container\" data-e-type=\"container\">\n\t\t\t\t\t<div class=\"e-con-inner\">\n\t\t\t\t<div class=\"elementor-element elementor-element-156c749c elementor-widget__width-initial elementor-invisible elementor-widget elementor-widget-heading\" data-id=\"156c749c\" data-element_type=\"widget\" data-e-type=\"widget\" data-settings=\"{&quot;_animation&quot;:&quot;fadeInUp&quot;}\" data-widget_type=\"heading.default\">\n\t\t\t\t\t<h2 class=\"elementor-heading-title elementor-size-default\">Qu\u00e9 es la huella de carbono de una organizaci\u00f3n<\/h2>\t\t\t\t<\/div>\n\t\t\t\t<div class=\"elementor-element elementor-element-3ccde1dd animated-slow elementor-widget__width-initial elementor-widget-divider--view-line elementor-invisible elementor-widget elementor-widget-divider\" data-id=\"3ccde1dd\" data-element_type=\"widget\" data-e-type=\"widget\" data-settings=\"{&quot;_animation&quot;:&quot;fadeInUp&quot;}\" data-widget_type=\"divider.default\">\n\t\t\t\t\t\t\t<div class=\"elementor-divider\">\n\t\t\t<span class=\"elementor-divider-separator\">\n\t\t\t\t\t\t<\/span>\n\t\t<\/div>\n\t\t\t\t\t\t<\/div>\n\t\t\t\t\t<\/div>\n\t\t\t\t<\/div>\n\t\t<div class=\"elementor-element elementor-element-3c73c2c5 e-flex e-con-boxed e-con e-parent\" data-id=\"3c73c2c5\" data-element_type=\"container\" data-e-type=\"container\">\n\t\t\t\t\t<div class=\"e-con-inner\">\n\t\t\t\t<div class=\"elementor-element elementor-element-7db88045 incyma-list elementor-widget elementor-widget-text-editor\" data-id=\"7db88045\" data-element_type=\"widget\" data-e-type=\"widget\" data-widget_type=\"text-editor.default\">\n\t\t\t\t\t\t\t\t\t<p><span style=\"font-weight: 400;\">La huella de carbono mide las <\/span><b>emisiones de gases de efecto invernadero asociadas a la actividad de una empresa<\/b><span style=\"font-weight: 400;\"> durante un periodo determinado.<\/span><\/p><p><span style=\"font-weight: 400;\">Estas emisiones se clasifican habitualmente en tres niveles:<\/span><\/p><ul><li style=\"font-weight: 400;\" aria-level=\"1\"><b>Alcance 1:<\/b><span style=\"font-weight: 400;\"> emisiones directas generadas por la actividad de la empresa.<\/span><span style=\"font-weight: 400;\"><br \/><\/span><\/li><li style=\"font-weight: 400;\" aria-level=\"1\"><b>Alcance 2:<\/b><span style=\"font-weight: 400;\"> emisiones indirectas derivadas del consumo de electricidad.<\/span><\/li><li style=\"font-weight: 400;\" aria-level=\"1\"><b>Alcance 3:<\/b><span style=\"font-weight: 400;\"> otras emisiones indirectas relacionadas con la cadena de valor.<\/span><span style=\"font-weight: 400;\"><br \/><\/span><\/li><\/ul><p><span style=\"font-weight: 400;\">El c\u00e1lculo suele realizarse siguiendo metodolog\u00edas reconocidas como <\/span><b>GHG Protocol<\/b><span style=\"font-weight: 400;\"> o <\/span><b>ISO 14064<\/b><span style=\"font-weight: 400;\">.<\/span><\/p>\t\t\t\t\t\t\t\t<\/div>\n\t\t\t\t\t<\/div>\n\t\t\t\t<\/div>\n\t\t<div class=\"elementor-element elementor-element-7c7f63c1 e-flex e-con-boxed e-con e-parent\" data-id=\"7c7f63c1\" data-element_type=\"container\" data-e-type=\"container\">\n\t\t\t\t\t<div class=\"e-con-inner\">\n\t\t<div class=\"elementor-element elementor-element-1ece86ed e-con-full e-flex e-con e-child\" data-id=\"1ece86ed\" data-element_type=\"container\" data-e-type=\"container\">\n\t\t\t\t<div class=\"elementor-element elementor-element-1f4f891c elementor-widget elementor-widget-image\" data-id=\"1f4f891c\" data-element_type=\"widget\" data-e-type=\"widget\" data-widget_type=\"image.default\">\n\t\t\t\t\t\t\t\t\t\t\t\t\t\t\t<img decoding=\"async\" width=\"774\" height=\"1024\" src=\"https:\/\/www.incyma.es\/wp-content\/uploads\/2026\/03\/calcular-huella-de-carbono-analisis-e1773392926356-774x1024.jpeg\" class=\"attachment-large size-large wp-image-3760\" alt=\"Consultor\u00eda ambiental analizando datos de emisiones corporativas.\" \/>\t\t\t\t\t\t\t\t\t\t\t\t\t\t\t<\/div>\n\t\t\t\t<\/div>\n\t\t<div class=\"elementor-element elementor-element-3482a12c e-con-full e-flex e-con e-child\" data-id=\"3482a12c\" data-element_type=\"container\" data-e-type=\"container\" data-settings=\"{&quot;sticky&quot;:&quot;top&quot;,&quot;sticky_on&quot;:[&quot;desktop&quot;],&quot;sticky_offset&quot;:120,&quot;sticky_parent&quot;:&quot;yes&quot;,&quot;sticky_effects_offset&quot;:0,&quot;sticky_anchor_link_offset&quot;:0}\">\n\t\t<div class=\"elementor-element elementor-element-40d9e554 e-con-full e-flex e-con e-child\" data-id=\"40d9e554\" data-element_type=\"container\" data-e-type=\"container\">\n\t\t\t\t<div class=\"elementor-element elementor-element-5569dc4d elementor-widget__width-initial elementor-invisible elementor-widget elementor-widget-heading\" data-id=\"5569dc4d\" data-element_type=\"widget\" data-e-type=\"widget\" data-settings=\"{&quot;_animation&quot;:&quot;fadeInUp&quot;}\" data-widget_type=\"heading.default\">\n\t\t\t\t\t<h2 class=\"elementor-heading-title elementor-size-default\">Qu\u00e9 aporta calcular la huella de carbono<\/h2>\t\t\t\t<\/div>\n\t\t\t\t<div class=\"elementor-element elementor-element-42a98e8a elementor-widget__width-initial animated-slow elementor-widget-divider--view-line elementor-invisible elementor-widget elementor-widget-divider\" data-id=\"42a98e8a\" data-element_type=\"widget\" data-e-type=\"widget\" data-settings=\"{&quot;_animation&quot;:&quot;fadeInUp&quot;}\" data-widget_type=\"divider.default\">\n\t\t\t\t\t\t\t<div class=\"elementor-divider\">\n\t\t\t<span class=\"elementor-divider-separator\">\n\t\t\t\t\t\t<\/span>\n\t\t<\/div>\n\t\t\t\t\t\t<\/div>\n\t\t\t\t<\/div>\n\t\t\t\t<div class=\"elementor-element elementor-element-56268579 incyma-list elementor-widget elementor-widget-text-editor\" data-id=\"56268579\" data-element_type=\"widget\" data-e-type=\"widget\" data-widget_type=\"text-editor.default\">\n\t\t\t\t\t\t\t\t\t<p><span style=\"font-weight: 400;\">Analizar la huella de carbono permite a las empresas comprender el impacto ambiental de su actividad y establecer medidas de mejora.<\/span><\/p><p><span style=\"font-weight: 400;\">Entre los beneficios m\u00e1s habituales se encuentran:<\/span><\/p><ul><li aria-level=\"1\"><b>Identificaci\u00f3n de las principales fuentes de emisiones.<\/b><\/li><li style=\"font-weight: 400;\" aria-level=\"1\"><span style=\"font-weight: 400;\">Mejora de la <\/span><b>gesti\u00f3n ambiental y energ\u00e9tica<\/b><span style=\"font-weight: 400;\">.<\/span><\/li><li style=\"font-weight: 400;\" aria-level=\"1\"><span style=\"font-weight: 400;\">Desarrollo de <\/span><b>planes de reducci\u00f3n de emisiones<\/b><span style=\"font-weight: 400;\">.<\/span><span style=\"font-weight: 400;\"><br \/><\/span><\/li><li style=\"font-weight: 400;\" aria-level=\"1\"><span style=\"font-weight: 400;\">Mayor transparencia frente a clientes y administraciones.<\/span><span style=\"font-weight: 400;\"><br \/><\/span><span style=\"font-weight: 400;\"><br \/><\/span><\/li><\/ul><p><span style=\"font-weight: 400;\">El c\u00e1lculo de la huella de carbono tambi\u00e9n puede integrarse dentro de sistemas de gesti\u00f3n ambiental como <\/span>la<b> <a href=\"https:\/\/www.incyma.es\/servicios\/sistemas-gestion\/iso-14001\/\">Norma ISO 14001<\/a><\/b><span style=\"font-weight: 400;\">.<\/span><i><\/i><\/p>\t\t\t\t\t\t\t\t<\/div>\n\t\t\t\t<\/div>\n\t\t\t\t\t<\/div>\n\t\t\t\t<\/div>\n\t\t<div class=\"elementor-element elementor-element-26fefac0 e-flex e-con-boxed e-con e-parent\" data-id=\"26fefac0\" data-element_type=\"container\" data-e-type=\"container\">\n\t\t\t\t\t<div class=\"e-con-inner\">\n\t\t\t\t<div class=\"elementor-element elementor-element-64acca33 elementor-widget__width-initial elementor-invisible elementor-widget elementor-widget-heading\" data-id=\"64acca33\" data-element_type=\"widget\" data-e-type=\"widget\" data-settings=\"{&quot;_animation&quot;:&quot;fadeInUp&quot;}\" data-widget_type=\"heading.default\">\n\t\t\t\t\t<h2 class=\"elementor-heading-title elementor-size-default\">C\u00f3mo se calcula la huella de carbono<\/h2>\t\t\t\t<\/div>\n\t\t\t\t<div class=\"elementor-element elementor-element-78d4fbd1 elementor-widget__width-initial animated-slow elementor-widget-divider--view-line elementor-invisible elementor-widget elementor-widget-divider\" data-id=\"78d4fbd1\" data-element_type=\"widget\" data-e-type=\"widget\" data-settings=\"{&quot;_animation&quot;:&quot;fadeInUp&quot;}\" data-widget_type=\"divider.default\">\n\t\t\t\t\t\t\t<div class=\"elementor-divider\">\n\t\t\t<span class=\"elementor-divider-separator\">\n\t\t\t\t\t\t<\/span>\n\t\t<\/div>\n\t\t\t\t\t\t<\/div>\n\t\t\t\t<div class=\"elementor-element elementor-element-722e3352 incyma-list elementor-widget__width-inherit elementor-widget elementor-widget-text-editor\" data-id=\"722e3352\" data-element_type=\"widget\" data-e-type=\"widget\" data-widget_type=\"text-editor.default\">\n\t\t\t\t\t\t\t\t\t<p><span style=\"font-weight: 400;\">El c\u00e1lculo de la huella de carbono se basa en la recopilaci\u00f3n de datos de actividad de la empresa, como consumos energ\u00e9ticos, combustibles o informaci\u00f3n sobre transporte.<\/span><\/p><p><span style=\"font-weight: 400;\">A partir de estos datos se aplican <\/span><b>factores de emisi\u00f3n reconocidos<\/b><span style=\"font-weight: 400;\">, que permiten estimar las emisiones generadas.<\/span><\/p><p><span style=\"font-weight: 400;\">El proceso suele incluir:<\/span><\/p><ul><li style=\"font-weight: 400;\" aria-level=\"1\"><span style=\"font-weight: 400;\">Identificaci\u00f3n de las fuentes de emisi\u00f3n.<\/span><span style=\"font-weight: 400;\"><br \/><\/span><\/li><li style=\"font-weight: 400;\" aria-level=\"1\"><span style=\"font-weight: 400;\">Recopilaci\u00f3n y an\u00e1lisis de datos de actividad.<\/span><span style=\"font-weight: 400;\"><br \/><\/span><\/li><li style=\"font-weight: 400;\" aria-level=\"1\"><span style=\"font-weight: 400;\">C\u00e1lculo de emisiones de gases de efecto invernadero.<\/span><span style=\"font-weight: 400;\"><br \/><\/span><\/li><li style=\"font-weight: 400;\" aria-level=\"1\"><span style=\"font-weight: 400;\">Elaboraci\u00f3n del informe de huella de carbono.<\/span><span style=\"font-weight: 400;\"><br \/><\/span><\/li><li style=\"font-weight: 400;\" aria-level=\"1\"><span style=\"font-weight: 400;\">Definici\u00f3n de un <\/span><b>plan de reducci\u00f3n de emisiones<\/b><span style=\"font-weight: 400;\">.<\/span><span style=\"font-weight: 400;\"><br \/><\/span><span style=\"font-weight: 400;\"><br \/><\/span><\/li><\/ul><p><span style=\"font-weight: 400;\">En algunos casos tambi\u00e9n se realiza un proceso de <\/span><b>verificaci\u00f3n externa<\/b><span style=\"font-weight: 400;\"> del c\u00e1lculo.<\/span><\/p>\t\t\t\t\t\t\t\t<\/div>\n\t\t\t\t\t<\/div>\n\t\t\t\t<\/div>\n\t\t<div class=\"elementor-element elementor-element-3c48d12a e-flex e-con-boxed e-con e-parent\" data-id=\"3c48d12a\" data-element_type=\"container\" data-e-type=\"container\">\n\t\t\t\t\t<div class=\"e-con-inner\">\n\t\t<div class=\"elementor-element elementor-element-747b0787 e-con-full e-flex e-con e-child\" data-id=\"747b0787\" data-element_type=\"container\" data-e-type=\"container\">\n\t\t\t\t<div class=\"elementor-element elementor-element-d712bb2 elementor-widget elementor-widget-image\" data-id=\"d712bb2\" data-element_type=\"widget\" data-e-type=\"widget\" data-widget_type=\"image.default\">\n\t\t\t\t\t\t\t\t\t\t\t\t\t\t\t<img decoding=\"async\" width=\"944\" height=\"1024\" src=\"https:\/\/www.incyma.es\/wp-content\/uploads\/2026\/03\/miteco-registro-huella-carbono-e1773393765882-944x1024.jpeg\" class=\"attachment-large size-large wp-image-3769\" alt=\"Incyma te ayuda a calcular la huella de carbono\" \/>\t\t\t\t\t\t\t\t\t\t\t\t\t\t\t<\/div>\n\t\t\t\t<\/div>\n\t\t<div class=\"elementor-element elementor-element-1c6d213f e-con-full e-flex e-con e-child\" data-id=\"1c6d213f\" data-element_type=\"container\" data-e-type=\"container\">\n\t\t<div class=\"elementor-element elementor-element-4f7f4bbe e-con-full e-flex e-con e-child\" data-id=\"4f7f4bbe\" data-element_type=\"container\" data-e-type=\"container\">\n\t\t\t\t<div class=\"elementor-element elementor-element-7c1be703 elementor-widget__width-initial elementor-invisible elementor-widget elementor-widget-heading\" data-id=\"7c1be703\" data-element_type=\"widget\" data-e-type=\"widget\" data-settings=\"{&quot;_animation&quot;:&quot;fadeInUp&quot;}\" data-widget_type=\"heading.default\">\n\t\t\t\t\t<h2 class=\"elementor-heading-title elementor-size-default\">Registro de la huella de carbono en el MITECO<\/h2>\t\t\t\t<\/div>\n\t\t\t\t<div class=\"elementor-element elementor-element-1b047201 elementor-widget__width-initial animated-slow elementor-widget-divider--view-line elementor-invisible elementor-widget elementor-widget-divider\" data-id=\"1b047201\" data-element_type=\"widget\" data-e-type=\"widget\" data-settings=\"{&quot;_animation&quot;:&quot;fadeInUp&quot;}\" data-widget_type=\"divider.default\">\n\t\t\t\t\t\t\t<div class=\"elementor-divider\">\n\t\t\t<span class=\"elementor-divider-separator\">\n\t\t\t\t\t\t<\/span>\n\t\t<\/div>\n\t\t\t\t\t\t<\/div>\n\t\t\t\t<\/div>\n\t\t\t\t<div class=\"elementor-element elementor-element-a270883 incyma-list elementor-widget elementor-widget-text-editor\" data-id=\"a270883\" data-element_type=\"widget\" data-e-type=\"widget\" data-widget_type=\"text-editor.default\">\n\t\t\t\t\t\t\t\t\t<p><span style=\"font-weight: 400;\">En Espa\u00f1a las empresas pueden registrar su huella de carbono en el <\/span><b>Registro de huella de carbono del Ministerio para la Transici\u00f3n Ecol\u00f3gica (MITECO)<\/b><span style=\"font-weight: 400;\">.<\/span><\/p><p><span style=\"font-weight: 400;\">Este registro permite a las organizaciones demostrar su compromiso con la reducci\u00f3n de emisiones y obtener el correspondiente <\/span><b>sello oficial de huella de carbono<\/b><span style=\"font-weight: 400;\">.<\/span><\/p><p><span style=\"font-weight: 400;\">Incyma acompa\u00f1a a las empresas en la <\/span><b>preparaci\u00f3n de la documentaci\u00f3n y solicitud de inscripci\u00f3n en el registro<\/b><span style=\"font-weight: 400;\">.<\/span><\/p>\t\t\t\t\t\t\t\t<\/div>\n\t\t\t\t<\/div>\n\t\t\t\t\t<\/div>\n\t\t\t\t<\/div>\n\t\t<div class=\"elementor-element elementor-element-65b63b22 e-flex e-con-boxed e-con e-parent\" data-id=\"65b63b22\" data-element_type=\"container\" data-e-type=\"container\">\n\t\t\t\t\t<div class=\"e-con-inner\">\n\t\t<div class=\"elementor-element elementor-element-4df00b3a e-con-full e-flex e-con e-child\" data-id=\"4df00b3a\" data-element_type=\"container\" data-e-type=\"container\">\n\t\t<div class=\"elementor-element elementor-element-4285aa48 e-con-full e-flex e-con e-child\" data-id=\"4285aa48\" data-element_type=\"container\" data-e-type=\"container\">\n\t\t\t\t<div class=\"elementor-element elementor-element-7e5313e9 elementor-widget__width-initial elementor-invisible elementor-widget elementor-widget-heading\" data-id=\"7e5313e9\" data-element_type=\"widget\" data-e-type=\"widget\" data-settings=\"{&quot;_animation&quot;:&quot;fadeInUp&quot;}\" data-widget_type=\"heading.default\">\n\t\t\t\t\t<h2 class=\"elementor-heading-title elementor-size-default\">C\u00f3mo trabaja Incyma en proyectos de huella de carbono<\/h2>\t\t\t\t<\/div>\n\t\t\t\t<div class=\"elementor-element elementor-element-19a57f45 elementor-widget__width-initial animated-slow elementor-widget-divider--view-line elementor-invisible elementor-widget elementor-widget-divider\" data-id=\"19a57f45\" data-element_type=\"widget\" data-e-type=\"widget\" data-settings=\"{&quot;_animation&quot;:&quot;fadeInUp&quot;}\" data-widget_type=\"divider.default\">\n\t\t\t\t\t\t\t<div class=\"elementor-divider\">\n\t\t\t<span class=\"elementor-divider-separator\">\n\t\t\t\t\t\t<\/span>\n\t\t<\/div>\n\t\t\t\t\t\t<\/div>\n\t\t\t\t<\/div>\n\t\t\t\t<div class=\"elementor-element elementor-element-32cdcf40 incyma-list elementor-widget elementor-widget-text-editor\" data-id=\"32cdcf40\" data-element_type=\"widget\" data-e-type=\"widget\" data-widget_type=\"text-editor.default\">\n\t\t\t\t\t\t\t\t\t<p><span style=\"font-weight: 400;\">En Incyma desarrollamos proyectos de <\/span><b>c\u00e1lculo de huella de carbono<\/b><span style=\"font-weight: 400;\"> adaptados a la actividad de cada empresa.<\/span><\/p><p><span style=\"font-weight: 400;\">El trabajo comienza con un an\u00e1lisis inicial para identificar las fuentes de emisi\u00f3n y definir el alcance del estudio. A partir de ese diagn\u00f3stico realizamos el c\u00e1lculo de emisiones, elaboramos el informe de huella de carbono y ayudamos a definir <\/span><b>medidas de reducci\u00f3n de emisiones<\/b><span style=\"font-weight: 400;\">.<\/span><\/p><p><span style=\"font-weight: 400;\">Cuando la organizaci\u00f3n lo solicita, tambi\u00e9n acompa\u00f1amos el proceso de <\/span><b>verificaci\u00f3n y registro de la huella de carbono en el MITECO<\/b><span style=\"font-weight: 400;\">.<\/span><\/p>\t\t\t\t\t\t\t\t<\/div>\n\t\t\t\t<\/div>\n\t\t<div class=\"elementor-element elementor-element-6714b892 e-con-full e-flex e-con e-child\" data-id=\"6714b892\" data-element_type=\"container\" data-e-type=\"container\" data-settings=\"{&quot;sticky&quot;:&quot;top&quot;,&quot;sticky_on&quot;:[&quot;desktop&quot;],&quot;sticky_offset&quot;:120,&quot;sticky_parent&quot;:&quot;yes&quot;,&quot;sticky_effects_offset&quot;:0,&quot;sticky_anchor_link_offset&quot;:0}\">\n\t\t\t\t<div class=\"elementor-element elementor-element-3c05a3ca elementor-widget elementor-widget-image\" data-id=\"3c05a3ca\" data-element_type=\"widget\" data-e-type=\"widget\" data-widget_type=\"image.default\">\n\t\t\t\t\t\t\t\t\t\t\t\t\t\t\t<img loading=\"lazy\" loading=\"lazy\" decoding=\"async\" width=\"1024\" height=\"682\" src=\"https:\/\/www.incyma.es\/wp-content\/uploads\/2026\/03\/reduccion-emisiones-huella-carbono-incyma-1024x682.jpeg\" class=\"attachment-large size-large wp-image-3768\" alt=\"Equipo revisando indicadores para c\u00e1lculo de huella de carbono organizacional.\" srcset=\"https:\/\/www.incyma.es\/wp-content\/uploads\/2026\/03\/reduccion-emisiones-huella-carbono-incyma-1024x682.jpeg 1024w, https:\/\/www.incyma.es\/wp-content\/uploads\/2026\/03\/reduccion-emisiones-huella-carbono-incyma-e1773393974888-813x551.jpeg 813w, https:\/\/www.incyma.es\/wp-content\/uploads\/2026\/03\/reduccion-emisiones-huella-carbono-incyma-e1773393974888-480x270.jpeg 480w\" sizes=\"(min-width: 0px) and (max-width: 480px) 480px, (min-width: 481px) and (max-width: 813px) 813px, (min-width: 814px) 1024px, 100vw\" \/>\t\t\t\t\t\t\t\t\t\t\t\t\t\t\t<\/div>\n\t\t\t\t<\/div>\n\t\t\t\t\t<\/div>\n\t\t\t\t<\/div>\n\t\t<div class=\"elementor-element elementor-element-4e20be31 e-flex e-con-boxed e-con e-parent\" data-id=\"4e20be31\" data-element_type=\"container\" data-e-type=\"container\">\n\t\t\t\t\t<div class=\"e-con-inner\">\n\t\t<div class=\"elementor-element elementor-element-1fded211 e-con-full e-flex e-con e-child\" data-id=\"1fded211\" data-element_type=\"container\" data-e-type=\"container\">\n\t\t\t\t<div class=\"elementor-element elementor-element-6d014a54 elementor-widget__width-initial elementor-invisible elementor-widget elementor-widget-heading\" data-id=\"6d014a54\" data-element_type=\"widget\" data-e-type=\"widget\" data-settings=\"{&quot;_animation&quot;:&quot;fadeInUp&quot;}\" data-widget_type=\"heading.default\">\n\t\t\t\t\t<h2 class=\"elementor-heading-title elementor-size-default\">Casos de \u00e9xito de proyectos desarrollados por Incyma<\/h2>\t\t\t\t<\/div>\n\t\t\t\t<div class=\"elementor-element elementor-element-3b97cf73 elementor-widget__width-initial animated-slow elementor-widget-divider--view-line elementor-invisible elementor-widget elementor-widget-divider\" data-id=\"3b97cf73\" data-element_type=\"widget\" data-e-type=\"widget\" data-settings=\"{&quot;_animation&quot;:&quot;fadeInUp&quot;}\" data-widget_type=\"divider.default\">\n\t\t\t\t\t\t\t<div class=\"elementor-divider\">\n\t\t\t<span class=\"elementor-divider-separator\">\n\t\t\t\t\t\t<\/span>\n\t\t<\/div>\n\t\t\t\t\t\t<\/div>\n\t\t\t\t<\/div>\n\t\t\t\t<div class=\"elementor-element elementor-element-5bc4b6f9 incyma-list elementor-widget elementor-widget-text-editor\" data-id=\"5bc4b6f9\" data-element_type=\"widget\" data-e-type=\"widget\" data-widget_type=\"text-editor.default\">\n\t\t\t\t\t\t\t\t\t<p>Hemos acompa\u00f1ado a organizaciones de distintos sectores en el la <b>c\u00e1lculo de la huella de carbono<\/b>:<\/p>\t\t\t\t\t\t\t\t<\/div>\n\t\t<div class=\"elementor-element elementor-element-27b8eb48 e-grid e-con-full e-con e-child\" data-id=\"27b8eb48\" data-element_type=\"container\" data-e-type=\"container\">\n\t\t<div class=\"elementor-element elementor-element-605c1264 e-con-full e-flex e-con e-child\" data-id=\"605c1264\" data-element_type=\"container\" data-e-type=\"container\" data-settings=\"{&quot;background_background&quot;:&quot;classic&quot;}\">\n\t\t\t\t<div class=\"elementor-element elementor-element-5469a00a elementor-widget__width-initial elementor-invisible elementor-widget elementor-widget-image\" data-id=\"5469a00a\" data-element_type=\"widget\" data-e-type=\"widget\" data-settings=\"{&quot;_animation&quot;:&quot;fadeInUp&quot;}\" data-widget_type=\"image.default\">\n\t\t\t\t\t\t\t\t\t\t\t\t\t\t\t<img loading=\"lazy\" loading=\"lazy\" decoding=\"async\" width=\"600\" height=\"200\" src=\"https:\/\/www.incyma.es\/wp-content\/uploads\/2026\/03\/Electrofil-logo.png\" class=\"attachment-large size-large wp-image-3600\" alt=\"Logo Electrofil\" srcset=\"https:\/\/www.incyma.es\/wp-content\/uploads\/2026\/03\/Electrofil-logo.png 600w, https:\/\/www.incyma.es\/wp-content\/uploads\/2026\/03\/Electrofil-logo-480x160.png 480w\" sizes=\"(min-width: 0px) and (max-width: 480px) 480px, (min-width: 481px) 600px, 100vw\" \/>\t\t\t\t\t\t\t\t\t\t\t\t\t\t\t<\/div>\n\t\t\t\t<div class=\"elementor-element elementor-element-19b374da elementor-invisible elementor-widget elementor-widget-heading\" data-id=\"19b374da\" data-element_type=\"widget\" data-e-type=\"widget\" data-settings=\"{&quot;_animation&quot;:&quot;fadeInUp&quot;}\" data-widget_type=\"heading.default\">\n\t\t\t\t\t<h4 class=\"elementor-heading-title elementor-size-default\">C\u00e1lculo de huella de Carbono de organizaci\u00f3n alcances 1 y 2 (a\u00f1os 2024,2025)<\/h4>\t\t\t\t<\/div>\n\t\t\t\t<div class=\"elementor-element elementor-element-375520c5 elementor-invisible elementor-widget elementor-widget-heading\" data-id=\"375520c5\" data-element_type=\"widget\" data-e-type=\"widget\" data-settings=\"{&quot;_animation&quot;:&quot;fadeInUp&quot;}\" data-widget_type=\"heading.default\">\n\t\t\t\t\t<h3 class=\"elementor-heading-title elementor-size-default\"><a href=\"http:\/\/www.electrofiloeste.es\" target=\"_blank\" rel=\"noopener\">www.electrofiloeste.es<\/a><\/h3>\t\t\t\t<\/div>\n\t\t\t\t<\/div>\n\t\t<div class=\"elementor-element elementor-element-458d7303 e-con-full e-flex e-con e-child\" data-id=\"458d7303\" data-element_type=\"container\" data-e-type=\"container\" data-settings=\"{&quot;background_background&quot;:&quot;classic&quot;}\">\n\t\t\t\t<div class=\"elementor-element elementor-element-37867fdc elementor-widget__width-initial elementor-invisible elementor-widget elementor-widget-image\" data-id=\"37867fdc\" data-element_type=\"widget\" data-e-type=\"widget\" data-settings=\"{&quot;_animation&quot;:&quot;fadeInUp&quot;}\" data-widget_type=\"image.default\">\n\t\t\t\t\t\t\t\t\t\t\t\t\t\t\t<img loading=\"lazy\" loading=\"lazy\" decoding=\"async\" width=\"600\" height=\"200\" src=\"https:\/\/www.incyma.es\/wp-content\/uploads\/2026\/03\/logo-los-riscos.png\" class=\"attachment-large size-large wp-image-3655\" alt=\"Logo Los Riscos\" srcset=\"https:\/\/www.incyma.es\/wp-content\/uploads\/2026\/03\/logo-los-riscos.png 600w, https:\/\/www.incyma.es\/wp-content\/uploads\/2026\/03\/logo-los-riscos-480x160.png 480w\" sizes=\"(min-width: 0px) and (max-width: 480px) 480px, (min-width: 481px) 600px, 100vw\" \/>\t\t\t\t\t\t\t\t\t\t\t\t\t\t\t<\/div>\n\t\t\t\t<div class=\"elementor-element elementor-element-5d437758 elementor-invisible elementor-widget elementor-widget-heading\" data-id=\"5d437758\" data-element_type=\"widget\" data-e-type=\"widget\" data-settings=\"{&quot;_animation&quot;:&quot;fadeInUp&quot;}\" data-widget_type=\"heading.default\">\n\t\t\t\t\t<h4 class=\"elementor-heading-title elementor-size-default\">IMPLANTACI\u00d3N\/C\u00c1LCULO Huella de Carbono de organizaci\u00f3n conforme ISO 14064-1:2019 (a\u00f1os 2023,2024, 2025).<\/h4>\t\t\t\t<\/div>\n\t\t\t\t<div class=\"elementor-element elementor-element-2a8a3969 elementor-invisible elementor-widget elementor-widget-heading\" data-id=\"2a8a3969\" data-element_type=\"widget\" data-e-type=\"widget\" data-settings=\"{&quot;_animation&quot;:&quot;fadeInUp&quot;}\" data-widget_type=\"heading.default\">\n\t\t\t\t\t<h3 class=\"elementor-heading-title elementor-size-default\"><a href=\"http:\/\/www.losriscos.es\" target=\"_blank\" rel=\"noopener\">www.losriscos.es<\/a><\/h3>\t\t\t\t<\/div>\n\t\t\t\t<\/div>\n\t\t\t\t<\/div>\n\t\t<div class=\"elementor-element elementor-element-9d45208 e-grid e-con-full e-con e-child\" data-id=\"9d45208\" data-element_type=\"container\" data-e-type=\"container\">\n\t\t<div class=\"elementor-element elementor-element-2e7ab965 e-con-full e-flex e-con e-child\" data-id=\"2e7ab965\" data-element_type=\"container\" data-e-type=\"container\" data-settings=\"{&quot;background_background&quot;:&quot;classic&quot;}\">\n\t\t\t\t<div class=\"elementor-element elementor-element-2b5a80e9 elementor-widget__width-initial elementor-invisible elementor-widget elementor-widget-image\" data-id=\"2b5a80e9\" data-element_type=\"widget\" data-e-type=\"widget\" data-settings=\"{&quot;_animation&quot;:&quot;fadeInUp&quot;}\" data-widget_type=\"image.default\">\n\t\t\t\t\t\t\t\t\t\t\t\t\t\t\t<img loading=\"lazy\" loading=\"lazy\" decoding=\"async\" width=\"600\" height=\"200\" src=\"https:\/\/www.incyma.es\/wp-content\/uploads\/2026\/03\/logo-astex.png\" class=\"attachment-large size-large wp-image-3656\" alt=\"\" srcset=\"https:\/\/www.incyma.es\/wp-content\/uploads\/2026\/03\/logo-astex.png 600w, https:\/\/www.incyma.es\/wp-content\/uploads\/2026\/03\/logo-astex-480x160.png 480w\" sizes=\"(min-width: 0px) and (max-width: 480px) 480px, (min-width: 481px) 600px, 100vw\" \/>\t\t\t\t\t\t\t\t\t\t\t\t\t\t\t<\/div>\n\t\t\t\t<div class=\"elementor-element elementor-element-6c82af77 elementor-invisible elementor-widget elementor-widget-heading\" data-id=\"6c82af77\" data-element_type=\"widget\" data-e-type=\"widget\" data-settings=\"{&quot;_animation&quot;:&quot;fadeInUp&quot;}\" data-widget_type=\"heading.default\">\n\t\t\t\t\t<h4 class=\"elementor-heading-title elementor-size-default\">C\u00e1lculo de huella de Carbono de organizaci\u00f3n alcances 1 y 2 (a\u00f1os 2024,2025)<\/h4>\t\t\t\t<\/div>\n\t\t\t\t<div class=\"elementor-element elementor-element-6de44248 elementor-invisible elementor-widget elementor-widget-heading\" data-id=\"6de44248\" data-element_type=\"widget\" data-e-type=\"widget\" data-settings=\"{&quot;_animation&quot;:&quot;fadeInUp&quot;}\" data-widget_type=\"heading.default\">\n\t\t\t\t\t<h3 class=\"elementor-heading-title elementor-size-default\"><a href=\"http:\/\/www.astexsauces.com\" target=\"_blank\" rel=\"noopener\">www.astexsauces.com<\/a><\/h3>\t\t\t\t<\/div>\n\t\t\t\t<\/div>\n\t\t<div class=\"elementor-element elementor-element-7055d277 e-con-full e-flex e-con e-child\" data-id=\"7055d277\" data-element_type=\"container\" data-e-type=\"container\" data-settings=\"{&quot;background_background&quot;:&quot;classic&quot;}\">\n\t\t\t\t<div class=\"elementor-element elementor-element-1c555b23 elementor-widget__width-initial elementor-invisible elementor-widget elementor-widget-image\" data-id=\"1c555b23\" data-element_type=\"widget\" data-e-type=\"widget\" data-settings=\"{&quot;_animation&quot;:&quot;fadeInUp&quot;}\" data-widget_type=\"image.default\">\n\t\t\t\t\t\t\t\t\t\t\t\t\t\t\t<img loading=\"lazy\" loading=\"lazy\" decoding=\"async\" width=\"600\" height=\"200\" src=\"https:\/\/www.incyma.es\/wp-content\/uploads\/2026\/03\/logo-sol-badajoz.png\" class=\"attachment-large size-large wp-image-3657\" alt=\"\" srcset=\"https:\/\/www.incyma.es\/wp-content\/uploads\/2026\/03\/logo-sol-badajoz.png 600w, https:\/\/www.incyma.es\/wp-content\/uploads\/2026\/03\/logo-sol-badajoz-480x160.png 480w\" sizes=\"(min-width: 0px) and (max-width: 480px) 480px, (min-width: 481px) 600px, 100vw\" \/>\t\t\t\t\t\t\t\t\t\t\t\t\t\t\t<\/div>\n\t\t\t\t<div class=\"elementor-element elementor-element-26179a9a elementor-invisible elementor-widget elementor-widget-heading\" data-id=\"26179a9a\" data-element_type=\"widget\" data-e-type=\"widget\" data-settings=\"{&quot;_animation&quot;:&quot;fadeInUp&quot;}\" data-widget_type=\"heading.default\">\n\t\t\t\t\t<h4 class=\"elementor-heading-title elementor-size-default\">C\u00e1lculo de huella de Carbono de organizaci\u00f3n alcances 1 y 2 (a\u00f1o 2025)<\/h4>\t\t\t\t<\/div>\n\t\t\t\t<div class=\"elementor-element elementor-element-7f6a09fb elementor-invisible elementor-widget elementor-widget-heading\" data-id=\"7f6a09fb\" data-element_type=\"widget\" data-e-type=\"widget\" data-settings=\"{&quot;_animation&quot;:&quot;fadeInUp&quot;}\" data-widget_type=\"heading.default\">\n\t\t\t\t\t<h3 class=\"elementor-heading-title elementor-size-default\"><a href=\"http:\/\/www.gruposolbadajoz.com\" target=\"_blank\" rel=\"noopener\">www.gruposolbadajoz.com<\/a><\/h3>\t\t\t\t<\/div>\n\t\t\t\t<\/div>\n\t\t\t\t<\/div>\n\t\t\t\t\t<\/div>\n\t\t\t\t<\/div>\n\t\t<div class=\"elementor-element elementor-element-538400ed e-flex e-con-boxed e-con e-parent\" data-id=\"538400ed\" data-element_type=\"container\" data-e-type=\"container\" data-settings=\"{&quot;background_background&quot;:&quot;classic&quot;}\">\n\t\t\t\t\t<div class=\"e-con-inner\">\n\t\t\t\t<div class=\"elementor-element elementor-element-429d2fd0 elementor-widget__width-initial elementor-invisible elementor-widget elementor-widget-heading\" data-id=\"429d2fd0\" data-element_type=\"widget\" data-e-type=\"widget\" data-settings=\"{&quot;_animation&quot;:&quot;fadeInUp&quot;}\" data-widget_type=\"heading.default\">\n\t\t\t\t\t<h2 class=\"elementor-heading-title elementor-size-default\">\u00bfHablamos?<\/h2>\t\t\t\t<\/div>\n\t\t\t\t<div class=\"elementor-element elementor-element-7d33a503 elementor-widget__width-initial animated-slow elementor-widget-divider--view-line elementor-invisible elementor-widget elementor-widget-divider\" data-id=\"7d33a503\" data-element_type=\"widget\" data-e-type=\"widget\" data-settings=\"{&quot;_animation&quot;:&quot;fadeInUp&quot;}\" data-widget_type=\"divider.default\">\n\t\t\t\t\t\t\t<div class=\"elementor-divider\">\n\t\t\t<span class=\"elementor-divider-separator\">\n\t\t\t\t\t\t<\/span>\n\t\t<\/div>\n\t\t\t\t\t\t<\/div>\n\t\t\t\t<div class=\"elementor-element elementor-element-4380e94b elementor-widget elementor-widget-text-editor\" data-id=\"4380e94b\" data-element_type=\"widget\" data-e-type=\"widget\" data-widget_type=\"text-editor.default\">\n\t\t\t\t\t\t\t\t\t<p><span style=\"font-weight: 400;\">Si tu empresa quiere calcular su <\/span><b>huella de carbono<\/b><span style=\"font-weight: 400;\">, desarrollar un plan de reducci\u00f3n de emisiones o registrar su huella en el MITECO, en Incyma podemos ayudarte a analizar tu situaci\u00f3n y definir el enfoque m\u00e1s adecuado.<\/span><\/p>\t\t\t\t\t\t\t\t<\/div>\n\t\t\t\t<div class=\"elementor-element elementor-element-74d85e91 elementor-mobile-align-center elementor-widget elementor-widget-button\" data-id=\"74d85e91\" data-element_type=\"widget\" data-e-type=\"widget\" data-widget_type=\"button.default\">\n\t\t\t\t\t\t\t\t\t\t<a class=\"elementor-button elementor-button-link elementor-size-sm\" href=\"https:\/\/www.incyma.es\/contacto\/\">\n\t\t\t\t\t\t<span class=\"elementor-button-content-wrapper\">\n\t\t\t\t\t\t<span class=\"elementor-button-icon\">\n\t\t\t\t<svg aria-hidden=\"true\" class=\"e-font-icon-svg e-fas-angle-double-right\" viewBox=\"0 0 448 512\" xmlns=\"http:\/\/www.w3.org\/2000\/svg\"><path d=\"M224.3 273l-136 136c-9.4 9.4-24.6 9.4-33.9 0l-22.6-22.6c-9.4-9.4-9.4-24.6 0-33.9l96.4-96.4-96.4-96.4c-9.4-9.4-9.4-24.6 0-33.9L54.3 103c9.4-9.4 24.6-9.4 33.9 0l136 136c9.5 9.4 9.5 24.6.1 34zm192-34l-136-136c-9.4-9.4-24.6-9.4-33.9 0l-22.6 22.6c-9.4 9.4-9.4 24.6 0 33.9l96.4 96.4-96.4 96.4c-9.4 9.4-9.4 24.6 0 33.9l22.6 22.6c9.4 9.4 24.6 9.4 33.9 0l136-136c9.4-9.2 9.4-24.4 0-33.8z\"><\/path><\/svg>\t\t\t<\/span>\n\t\t\t\t\t\t\t\t\t<span class=\"elementor-button-text\">M\u00e1s informaci\u00f3n<\/span>\n\t\t\t\t\t<\/span>\n\t\t\t\t\t<\/a>\n\t\t\t\t\t\t\t\t<\/div>\n\t\t\t\t\t<\/div>\n\t\t\t\t<\/div>\n\t\t\t\t<\/div>\n\t\t","protected":false},"excerpt":{"rendered":"<p>Consultoria para c\u00e1lculo da pegada de carbono nas empresas. A Incyma apoia no c\u00e1lculo de emiss\u00f5es, planos de redu\u00e7\u00e3o e registo oficial da pegada de carbono.<\/p>","protected":false},"author":1,"featured_media":0,"parent":3481,"menu_order":0,"comment_status":"closed","ping_status":"closed","template":"elementor_header_footer","meta":{"_et_pb_use_builder":"","_et_pb_old_content":"","_et_gb_content_width":"","footnotes":""},"class_list":["post-3483","page","type-page","status-publish","hentry"],"_links":{"self":[{"href":"https:\/\/www.incyma.es\/pt\/wp-json\/wp\/v2\/pages\/3483","targetHints":{"allow":["GET"]}}],"collection":[{"href":"https:\/\/www.incyma.es\/pt\/wp-json\/wp\/v2\/pages"}],"about":[{"href":"https:\/\/www.incyma.es\/pt\/wp-json\/wp\/v2\/types\/page"}],"author":[{"embeddable":true,"href":"https:\/\/www.incyma.es\/pt\/wp-json\/wp\/v2\/users\/1"}],"replies":[{"embeddable":true,"href":"https:\/\/www.incyma.es\/pt\/wp-json\/wp\/v2\/comments?post=3483"}],"version-history":[{"count":35,"href":"https:\/\/www.incyma.es\/pt\/wp-json\/wp\/v2\/pages\/3483\/revisions"}],"predecessor-version":[{"id":3776,"href":"https:\/\/www.incyma.es\/pt\/wp-json\/wp\/v2\/pages\/3483\/revisions\/3776"}],"up":[{"embeddable":true,"href":"https:\/\/www.incyma.es\/pt\/wp-json\/wp\/v2\/pages\/3481"}],"wp:attachment":[{"href":"https:\/\/www.incyma.es\/pt\/wp-json\/wp\/v2\/media?parent=3483"}],"curies":[{"name":"wp","href":"https:\/\/api.w.org\/{rel}","templated":true}]}}